
     {"id":15597,"date":"2021-09-14T09:42:49","date_gmt":"2021-09-14T09:42:49","guid":{"rendered":"https:\/\/www.iszn.ch\/term-dates\/"},"modified":"2026-04-29T15:34:19","modified_gmt":"2026-04-29T15:34:19","slug":"schulkalender","status":"publish","type":"page","link":"https:\/\/www.iszn.ch\/de\/schulkalender\/","title":{"rendered":"Schulkalender"},"content":{"rendered":"<div class=\"wpb-content-wrapper\"><p>[vc_row][vc_column]<section  class=\"bg-video-wrap hero section hero--centertext  small-header \" style='background: url(https:\/\/www.iszn.ch\/wp-content\/uploads\/sites\/105\/2025\/11\/calendar.jpg) center ;background-size:cover ;'>\n                <div class=\"bg-overlay\" style='background:#1c2f41;opacity:0.3;'><\/div>\n                <div class=\"overlay\" >\n                  <div class=\"container-fluid\">\n                    <div class=\"row\">\n                      <div class=\"col-md-12 col-lg-12\">\n\n                        <div class=\"caption text-start\"><div class=\"component sub-heading\" >\n                              <h1 class=\"display-h1\"><b>SCHULKALENDER<\/b><\/h1>\n                            <\/div><\/div>\n                      <\/div>\n                    <\/div>\n                  <\/div>\n                <\/div>\n              <\/section><div class='row  m-x-0 breadcrumb-wrap ' style=''><div class='container-fluid' >\n                <nav aria-label='breadcrumb'><ol class=\"breadcrumb mt-3\">\n                  <li class=\"breadcrumb-item\"><a href=\"https:\/\/www.iszn.ch\/de\/\">Home<\/a><\/li>\n                  <li class=\"breadcrumb-item active\" aria-current=\"page\">Schulkalender<\/li>\n                <\/ol>\n              <\/nav>\n              <\/div>\n            <\/div>[\/vc_column][\/vc_row][vc_row][vc_column]\n            <div class=\"wrapper\">\n    <section  style='' class=\"section    container-width    \" ><div class=\"container-fluid\"><div class=\"row\">\n                <div class=\"col-md-12 col-lg-10\">  <div class=\"component title\">\n                                        <p class=\"body-small\">Term Dates<\/p>\n                                    <\/div><\/div>\n                <\/div><div class=\"row  justify-content-between  \"><div class=\" col-lg-6 col-md-6      \" ><div class=\"component mb-1 mt-0  radius-bottom-LR \" style='px'><div class=\"sub-heading component\"><h2  class=\"h7  fst-normal\">Alle wichtigen Termine f\u00fcr ein gut organisiertes Schuljahr an der ISZN.<\/h2><\/div>\n                        <div class=\"sub-heading component \">\n                        <p class=\"body-medium\">Jedes Schuljahr an der ISZN folgt einer klaren Struktur, die den Sch\u00fclerinnen und Sch\u00fclern Orientierung gibt und Familien die Planung erleichtert. Unsere Termindaten zeigen die wichtigsten Punkte des Schulkalenders \u2013 vom Schulbeginn \u00fcber die Ferien bis hin zu zentralen Ereignissen. Ob Sie neu in Z\u00fcrich sind oder bereits Teil unserer Gemeinschaft: Diese \u00dcbersicht bietet Ihnen alle Informationen, die Sie f\u00fcr eine verl\u00e4ssliche Jahresplanung ben\u00f6tigen.<br \/>\n<br \/>\n<b>Das Schuljahr 2025\/26 hat am 18. August 2025 begonnen.<\/b><\/p>\n                        <\/div><\/div><div class=\"component link\"><a href=\"https:\/\/www.iszn.ch\/wp-content\/uploads\/sites\/105\/2026\/04\/ISZN-Calendar-2025_26.pdf\" class=\" btn btn-link\" target=\"_blank\">Ferienkalender Schuljahr 2025\/2026<\/a><\/div><div class=\"component link\"><a href=\"https:\/\/www.iszn.ch\/wp-content\/uploads\/sites\/105\/2026\/04\/ISZN-School-Calendar-2026_27-1.pdf\" class=\" btn btn-link\" target=\"_blank\">Ferienkalender Schuljahr 2026\/2027<\/a><\/div><div class=\"component link\"><a href=\"\/de\/anfrage-stellen\/\" class=\" btn btn-primary btn-primary--border\">Senden Sie uns eine Anfrage<\/a><\/div><\/div>\n                    <div class=\"col-lg-5 col-md-6    \"><div class=\"component single-img \"><div class=\"ratio ratio-4x3 callout-img halfcol--img image_overlay_4567\" style=\"background-image: url(https:\/\/www.iszn.ch\/wp-content\/uploads\/sites\/105\/2023\/07\/ISZN_GENESIS_LR-93.jpg);\"><\/div><\/div> <\/div>\n             <\/div>\n        <\/div>\n<\/section>\n            <\/div>[\/vc_column][\/vc_row][vc_row css=&#8221;.vc_custom_1688721581477{background-image: url(https:\/\/www.iszn.ch\/wp-content\/uploads\/sites\/105\/2023\/06\/cover.png?id=13855) !important;background-position: center !important;background-repeat: no-repeat !important;background-size: cover !important;}&#8221;][vc_column]\n    <section  id=\"spring-2024\"  style='' class=\"section  wpb_animate_when_almost_visible wpb_fadeInUp fadeInUp  section--blue     \" ><div class=\"container-fluid\"><div class=\"row\">\n                <div class=\"col-md-12 col-lg-10\">  <div class=\"component title\">\n                                        <p class=\"body-small\">Schuljahr 2025\/26<\/p>\n                                    <\/div> <div class=\"component heading\">\n                     <h2 class=\"h4\">Wichtige Termine 2025\/26<\/h2>\n                 <\/div><\/div>\n                <\/div><div class=\"row  justify-content-between pt-3 pt-md-5 \"><div class=\" col-lg-6 col-md-6      \" ><div class=\"component fee-table\"><table class=\"table\">\n                                <thead>\n                                    <tr>\n                                        <th style='background-color:#016549' class=\"section--blue\">Was<\/th>\n                                        <th style='background-color:#016549' class=\"section--blue\">Wann<\/th><\/tr>\n                                <\/thead>\n                                <tbody><tr>\n                                        <td class=\"\" >Herbstferien<\/td>\n                                        <td class=\"text-left text-md-right \" >6. - 17. Oktober 2025<\/td><\/tr><tr>\n                                        <td class=\"\" >Weihnachtsferien<\/td>\n                                        <td class=\"text-left text-md-right \" >15. Dezember 2025 bis 5. Januar 2026<\/td><\/tr><tr>\n                                        <td class=\"\" >Sportferien<\/td>\n                                        <td class=\"text-left text-md-right \" >9. - 16. Februar 2026<\/td><\/tr><tr>\n                                        <td class=\"\" >Fr\u00fchlingsferien<\/td>\n                                        <td class=\"text-left text-md-right \" >30. M\u00e4rz - 13. April 2026<\/td><\/tr><tr>\n                                        <td class=\"\" >Sommerferien<\/td>\n                                        <td class=\"text-left text-md-right \" >22. Juni - 14. August 2026<\/td><\/tr><\/tbody>\n                            <\/table>\n                        <\/div><\/div>\n                    <div class=\"col-lg-5 col-md-6    \"><div class=\"component single-img \"><div class=\"ratio ratio-4x3 callout-img halfcol--img image_overlay_1801\" style=\"background-image: url(https:\/\/www.iszn.ch\/wp-content\/uploads\/sites\/105\/2025\/11\/Spooky-Science-10.jpg);\"><\/div><\/div> <\/div>\n             <\/div>\n        <\/div>\n<\/section>[\/vc_column][\/vc_row][vc_row][vc_column]\n            <div class=\"wrapper\">\n    <section  style='' class=\"section    container-width pb-0   \" ><div class=\"container-fluid\"><div class=\"row\">\n                <div class=\"col-md-12 col-lg-10\"> <div class=\"component heading\">\n                     <h2 class=\"h4\">N\u00c4CHSTE SCHRITTE:<\/h2>\n                 <\/div><\/div>\n                <\/div><div class=\"row   pt-3 pt-md-5 \"><div class=\" col-lg-6 col-md-6      \" ><\/div>\n                    <div class=\"col-lg-6 col-md-6    \"> <\/div>\n             <\/div>\n        <\/div>\n<\/section>\n            <\/div><div class=\"wrapper\"><section  class=\"section  container-width no-container pt-0 middle-section \" style='margin-top:-40px;'><div class=\"container-fluid \" ><div class=\"row m-0 justify-content-center pt-3 pt-md-3\"><div class=\"col-lg-3 col-md-3 col-sm-3 mb-3 pb-2\">\n                            <div class=\"card card--white tech-images next-steps-module  thumbnail_img_overlay_6791\">   <a class=\"\" href = \"\/de\/tag-der-offenen-tur-schultouren\/\" ><div class=\"ratio  callout-img halfcol--img leftBottom-content\" style=\"background-image: url(https:\/\/www.iszn.ch\/wp-content\/uploads\/sites\/105\/2023\/07\/ISZN_GENESIS_LR-267.jpg);background-position:;\">\n                                 \n                                 <div class=\"img-overlay \">\n                                 \n                                     <div class=\"heading component\">\n                                        <h5 class=\"h5\" >Tag der Offenen T\u00fcr & Touren<\/h5>\n                                     <\/div>\n                                   \n                                \n                             <\/div>\n                                 \n                                 <\/div><\/a>\n                            <\/div>\n                        <\/div><div class=\"col-lg-3 col-md-3 col-sm-3 mb-3 pb-2\">\n                            <div class=\"card card--white tech-images next-steps-module  thumbnail_img_overlay_6238\">   <a class=\"\" href = \"\/de\/akademische-exzellenz\/\" ><div class=\"ratio  callout-img halfcol--img leftBottom-content\" style=\"background-image: url(https:\/\/www.iszn.ch\/wp-content\/uploads\/sites\/105\/2023\/07\/ISZN_GENESIS_LR-321.jpg);background-position:;\">\n                                 \n                                 <div class=\"img-overlay \">\n                                 \n                                     <div class=\"heading component\">\n                                        <h5 class=\"h5\" >Herausragendes Lernen<\/h5>\n                                     <\/div>\n                                   \n                                \n                             <\/div>\n                                 \n                                 <\/div><\/a>\n                            <\/div>\n                        <\/div><div class=\"col-lg-3 col-md-3 col-sm-3 mb-3 pb-2\">\n                            <div class=\"card card--white tech-images next-steps-module  thumbnail_img_overlay_2650\">   <a class=\"\" href = \"\/de\/raumlichkeiten-lage\/\" ><div class=\"ratio  callout-img halfcol--img leftBottom-content\" style=\"background-image: url(https:\/\/www.iszn.ch\/wp-content\/uploads\/sites\/105\/2023\/07\/ISZN_GENESIS_LR-145.jpg);background-position:;\">\n                                 \n                                 <div class=\"img-overlay \">\n                                 \n                                     <div class=\"heading component\">\n                                        <h5 class=\"h5\" >R\u00e4umlichkeiten & Lage<\/h5>\n                                     <\/div>\n                                   \n                                \n                             <\/div>\n                                 \n                                 <\/div><\/a>\n                            <\/div>\n                        <\/div><div class=\"col-lg-3 col-md-3 col-sm-3 mb-3 pb-2\">\n                            <div class=\"card card--white tech-images next-steps-module  thumbnail_img_overlay_6808\">   <a class=\"\" href = \"\/de\/zulassung-und-gebuhren\/\" ><div class=\"ratio  callout-img halfcol--img leftBottom-content\" style=\"background-image: url(https:\/\/www.iszn.ch\/wp-content\/uploads\/sites\/105\/2023\/07\/ISZN_GENESIS_LR-304.jpg);background-position:;\">\n                                 \n                                 <div class=\"img-overlay \">\n                                 \n                                     <div class=\"heading component\">\n                                        <h5 class=\"h5\" >Anmeldung<\/h5>\n                                     <\/div>\n                                   \n                                \n                             <\/div>\n                                 \n                                 <\/div><\/a>\n                            <\/div>\n                        <\/div><\/div><\/div>\n            <\/section><\/div>[\/vc_column][\/vc_row]<\/p>\n<\/div>","protected":false},"excerpt":{"rendered":"<p>[vc_row][vc_column][\/vc_column][\/vc_row][vc_row][vc_column][\/vc_column][\/vc_row][vc_row css=&#8221;.vc_custom_1688721581477{background-image: url(https:\/\/www.iszn.ch\/wp-content\/uploads\/sites\/105\/2023\/06\/cover.png?id=13855) !important;background-position: center !important;background-repeat: no-repeat !important;background-size: cover !important;}&#8221;][vc_column][\/vc_column][\/vc_row][vc_row][vc_column][\/vc_column][\/vc_row]<\/p>\n","protected":false},"author":390,"featured_media":0,"parent":0,"menu_order":0,"comment_status":"closed","ping_status":"closed","template":"","meta":{"_acf_changed":false,"footnotes":""},"class_list":["post-15597","page","type-page","status-publish","hentry"],"acf":[],"yoast_head":"<!-- This site is optimized with the Yoast SEO plugin v27.4 - https:\/\/yoast.com\/product\/yoast-seo-wordpress\/ -->\n<title>Schultermine &amp; Ferien - International School Zurich North<\/title>\n<meta name=\"description\" content=\"Wir haben ein ereignisreiches Jahr vor uns an der ISZN, das f\u00fcr alle Sch\u00fclerinnen und Sch\u00fcler aufregende Erfahrungen bereith\u00e4lt. Die bevorstehenden Schultermine und Feiertage k\u00f6nnen Sie hier online finden.\" \/>\n<meta name=\"robots\" content=\"index, follow, max-snippet:-1, max-image-preview:large, max-video-preview:-1\" \/>\n<link rel=\"canonical\" href=\"https:\/\/www.iszn.ch\/term-dates\/\" \/>\n<meta property=\"og:locale\" content=\"de_DE\" \/>\n<meta property=\"og:type\" content=\"article\" \/>\n<meta property=\"og:title\" content=\"Schultermine &amp; Ferien - International School Zurich North\" \/>\n<meta property=\"og:description\" content=\"Wir haben ein ereignisreiches Jahr vor uns an der ISZN, das f\u00fcr alle Sch\u00fclerinnen und Sch\u00fcler aufregende Erfahrungen bereith\u00e4lt. Die bevorstehenden Schultermine und Feiertage k\u00f6nnen Sie hier online finden.\" \/>\n<meta property=\"og:url\" content=\"https:\/\/www.iszn.ch\/term-dates\/\" \/>\n<meta property=\"og:site_name\" content=\"Primary &amp; Secondary British International School In Zurich - ISZN\" \/>\n<meta property=\"article:modified_time\" content=\"2026-04-29T15:34:19+00:00\" \/>\n<meta name=\"twitter:card\" content=\"summary_large_image\" \/>\n<meta name=\"twitter:label1\" content=\"Est. reading time\" \/>\n\t<meta name=\"twitter:data1\" content=\"1 minute\" \/>\n<script type=\"application\/ld+json\" class=\"yoast-schema-graph\">{\"@context\":\"https:\\\/\\\/schema.org\",\"@graph\":[{\"@type\":\"WebPage\",\"@id\":\"https:\\\/\\\/www.iszn.ch\\\/term-dates\\\/\",\"url\":\"https:\\\/\\\/www.iszn.ch\\\/term-dates\\\/\",\"name\":\"Schultermine & Ferien - International School Zurich North\",\"isPartOf\":{\"@id\":\"https:\\\/\\\/www.iszn.ch\\\/#website\"},\"datePublished\":\"2021-09-14T09:42:49+00:00\",\"dateModified\":\"2026-04-29T15:34:19+00:00\",\"description\":\"Wir haben ein ereignisreiches Jahr vor uns an der ISZN, das f\u00fcr alle Sch\u00fclerinnen und Sch\u00fcler aufregende Erfahrungen bereith\u00e4lt. Die bevorstehenden Schultermine und Feiertage k\u00f6nnen Sie hier online finden.\",\"breadcrumb\":{\"@id\":\"https:\\\/\\\/www.iszn.ch\\\/term-dates\\\/#breadcrumb\"},\"inLanguage\":\"de-DE\",\"potentialAction\":[{\"@type\":\"ReadAction\",\"target\":[\"https:\\\/\\\/www.iszn.ch\\\/term-dates\\\/\"]}]},{\"@type\":\"BreadcrumbList\",\"@id\":\"https:\\\/\\\/www.iszn.ch\\\/term-dates\\\/#breadcrumb\",\"itemListElement\":[{\"@type\":\"ListItem\",\"position\":1,\"name\":\"Home\",\"item\":\"https:\\\/\\\/www.iszn.ch\\\/\"},{\"@type\":\"ListItem\",\"position\":2,\"name\":\"Schulkalender\"}]},{\"@type\":\"WebSite\",\"@id\":\"https:\\\/\\\/www.iszn.ch\\\/#website\",\"url\":\"https:\\\/\\\/www.iszn.ch\\\/\",\"name\":\"Primary &amp; Secondary British International School In Zurich - ISZN\",\"description\":\"\",\"potentialAction\":[{\"@type\":\"SearchAction\",\"target\":{\"@type\":\"EntryPoint\",\"urlTemplate\":\"https:\\\/\\\/www.iszn.ch\\\/?s={search_term_string}\"},\"query-input\":{\"@type\":\"PropertyValueSpecification\",\"valueRequired\":true,\"valueName\":\"search_term_string\"}}],\"inLanguage\":\"de-DE\"}]}<\/script>\n<!-- \/ Yoast SEO plugin. -->","yoast_head_json":{"title":"Schultermine & Ferien - International School Zurich North","description":"Wir haben ein ereignisreiches Jahr vor uns an der ISZN, das f\u00fcr alle Sch\u00fclerinnen und Sch\u00fcler aufregende Erfahrungen bereith\u00e4lt. Die bevorstehenden Schultermine und Feiertage k\u00f6nnen Sie hier online finden.","robots":{"index":"index","follow":"follow","max-snippet":"max-snippet:-1","max-image-preview":"max-image-preview:large","max-video-preview":"max-video-preview:-1"},"canonical":"https:\/\/www.iszn.ch\/term-dates\/","og_locale":"de_DE","og_type":"article","og_title":"Schultermine & Ferien - International School Zurich North","og_description":"Wir haben ein ereignisreiches Jahr vor uns an der ISZN, das f\u00fcr alle Sch\u00fclerinnen und Sch\u00fcler aufregende Erfahrungen bereith\u00e4lt. Die bevorstehenden Schultermine und Feiertage k\u00f6nnen Sie hier online finden.","og_url":"https:\/\/www.iszn.ch\/term-dates\/","og_site_name":"Primary &amp; Secondary British International School In Zurich - ISZN","article_modified_time":"2026-04-29T15:34:19+00:00","twitter_card":"summary_large_image","twitter_misc":{"Est. reading time":"1 minute"},"schema":{"@context":"https:\/\/schema.org","@graph":[{"@type":"WebPage","@id":"https:\/\/www.iszn.ch\/term-dates\/","url":"https:\/\/www.iszn.ch\/term-dates\/","name":"Schultermine & Ferien - International School Zurich North","isPartOf":{"@id":"https:\/\/www.iszn.ch\/#website"},"datePublished":"2021-09-14T09:42:49+00:00","dateModified":"2026-04-29T15:34:19+00:00","description":"Wir haben ein ereignisreiches Jahr vor uns an der ISZN, das f\u00fcr alle Sch\u00fclerinnen und Sch\u00fcler aufregende Erfahrungen bereith\u00e4lt. Die bevorstehenden Schultermine und Feiertage k\u00f6nnen Sie hier online finden.","breadcrumb":{"@id":"https:\/\/www.iszn.ch\/term-dates\/#breadcrumb"},"inLanguage":"de-DE","potentialAction":[{"@type":"ReadAction","target":["https:\/\/www.iszn.ch\/term-dates\/"]}]},{"@type":"BreadcrumbList","@id":"https:\/\/www.iszn.ch\/term-dates\/#breadcrumb","itemListElement":[{"@type":"ListItem","position":1,"name":"Home","item":"https:\/\/www.iszn.ch\/"},{"@type":"ListItem","position":2,"name":"Schulkalender"}]},{"@type":"WebSite","@id":"https:\/\/www.iszn.ch\/#website","url":"https:\/\/www.iszn.ch\/","name":"Primary &amp; Secondary British International School In Zurich - ISZN","description":"","potentialAction":[{"@type":"SearchAction","target":{"@type":"EntryPoint","urlTemplate":"https:\/\/www.iszn.ch\/?s={search_term_string}"},"query-input":{"@type":"PropertyValueSpecification","valueRequired":true,"valueName":"search_term_string"}}],"inLanguage":"de-DE"}]}},"jetpack_sharing_enabled":true,"_links":{"self":[{"href":"https:\/\/www.iszn.ch\/de\/wp-json\/wp\/v2\/pages\/15597","targetHints":{"allow":["GET"]}}],"collection":[{"href":"https:\/\/www.iszn.ch\/de\/wp-json\/wp\/v2\/pages"}],"about":[{"href":"https:\/\/www.iszn.ch\/de\/wp-json\/wp\/v2\/types\/page"}],"author":[{"embeddable":true,"href":"https:\/\/www.iszn.ch\/de\/wp-json\/wp\/v2\/users\/390"}],"replies":[{"embeddable":true,"href":"https:\/\/www.iszn.ch\/de\/wp-json\/wp\/v2\/comments?post=15597"}],"version-history":[{"count":26,"href":"https:\/\/www.iszn.ch\/de\/wp-json\/wp\/v2\/pages\/15597\/revisions"}],"predecessor-version":[{"id":21253,"href":"https:\/\/www.iszn.ch\/de\/wp-json\/wp\/v2\/pages\/15597\/revisions\/21253"}],"wp:attachment":[{"href":"https:\/\/www.iszn.ch\/de\/wp-json\/wp\/v2\/media?parent=15597"}],"curies":[{"name":"wp","href":"https:\/\/api.w.org\/{rel}","templated":true}]}}